{"id":775,"date":"2020-07-13T15:26:17","date_gmt":"2020-07-13T15:26:17","guid":{"rendered":"http:\/\/www.grundschule-geisa.de\/?page_id=775"},"modified":"2020-07-13T15:26:17","modified_gmt":"2020-07-13T15:26:17","slug":"historie-und-aktivitaeten-des-foerdervereins","status":"publish","type":"page","link":"https:\/\/www.grundschule-geisa.de\/?page_id=775","title":{"rendered":"Historie und Aktivit\u00e4ten des  F\u00f6rdervereins"},"content":{"rendered":"\n<ul><li>Sommer 2017 Informationssammlung und Vorbereitung zur Gr\u00fcndung des F\u00f6rdervereins der Grundschule Geisa<\/li><li>18.10.2017 Gr\u00fcndungsversammlung<\/li><li>09.11.2017 Vorstandssitzung<\/li><li>08.01.2018 Vorstandssitzung<\/li><li>12.03.2018 au\u00dferordentliche Mitgliederversammlung. Hauptpunkt Satzungs\u00e4nderung<\/li><li>27.03.2018 F\u00f6rderverein Grundschule Geisa e.V. Sitz Geisa, Anerkennung der Gemeinn\u00fctzigkeit<\/li><li>17.04.2018 F\u00f6rderverein Grundschule Geisa e.V. Sitz Geisa, Eintragung im Vereinsregister<\/li><li>27.05.2018 Vorstandssitzung<\/li><li>06.09.2018 Mitgliederversammlung 2018<\/li><li>September 2018 Schuleinf\u00fchrung Baumpflanzaktion der Erstkl\u00e4ssler (Apfelbaum)<\/li><li>September 2018 Vorbereitung Ausf\u00fchrung der Eichelsammelaktion mit der Grundschule Buttlar<\/li><li>13.05.2019 Elternveranstaltung \u201eDas Lernen lernen\u201c<\/li><li>30.08.2019 Schuleinf\u00fchrung Baumpflanzaktion der Erstkl\u00e4ssler (Pflaumenbaum)<\/li><li>September 2019 Bewerbung Waldp\u00e4dagogikpreis \u201eECKI\u201c 2019 mit den Projekten der Grundschule Geisa zusammen mit dem F\u00f6rderverein.<\/li><li>22.10.2019 Mitgliederversammlung 2019<\/li><\/ul>\n","protected":false},"excerpt":{"rendered":"<p>Sommer 2017 Informationssammlung und Vorbereitung zur Gr\u00fcndung des F\u00f6rdervereins der Grundschule Geisa 18.10.2017 Gr\u00fcndungsversammlung 09.11.2017 Vorstandssitzung 08.01.2018 Vorstandssitzung 12.03.2018 au\u00dferordentliche Mitgliederversammlung. Hauptpunkt Satzungs\u00e4nderung 27.03.2018 F\u00f6rderverein Grundschule Geisa e.V. Sitz Geisa, Anerkennung der Gemeinn\u00fctzigkeit 17.04.2018 F\u00f6rderverein Grundschule Geisa e.V. Sitz Geisa, Eintragung im Vereinsregister 27.05.2018 Vorstandssitzung 06.09.2018 Mitgliederversammlung 2018 September 2018 Schuleinf\u00fchrung Baumpflanzaktion der Erstkl\u00e4ssler (Apfelbaum) [&hellip;]<\/p>\n","protected":false},"author":7,"featured_media":0,"parent":0,"menu_order":0,"comment_status":"closed","ping_status":"closed","template":"","meta":{"footnotes":""},"_links":{"self":[{"href":"https:\/\/www.grundschule-geisa.de\/index.php?rest_route=\/wp\/v2\/pages\/775"}],"collection":[{"href":"https:\/\/www.grundschule-geisa.de\/index.php?rest_route=\/wp\/v2\/pages"}],"about":[{"href":"https:\/\/www.grundschule-geisa.de\/index.php?rest_route=\/wp\/v2\/types\/page"}],"author":[{"embeddable":true,"href":"https:\/\/www.grundschule-geisa.de\/index.php?rest_route=\/wp\/v2\/users\/7"}],"replies":[{"embeddable":true,"href":"https:\/\/www.grundschule-geisa.de\/index.php?rest_route=%2Fwp%2Fv2%2Fcomments&post=775"}],"version-history":[{"count":1,"href":"https:\/\/www.grundschule-geisa.de\/index.php?rest_route=\/wp\/v2\/pages\/775\/revisions"}],"predecessor-version":[{"id":776,"href":"https:\/\/www.grundschule-geisa.de\/index.php?rest_route=\/wp\/v2\/pages\/775\/revisions\/776"}],"wp:attachment":[{"href":"https:\/\/www.grundschule-geisa.de\/index.php?rest_route=%2Fwp%2Fv2%2Fmedia&parent=775"}],"curies":[{"name":"wp","href":"https:\/\/api.w.org\/{rel}","templated":true}]}}